{"id":2899,"date":"2015-08-17T15:11:02","date_gmt":"2015-08-17T13:11:02","guid":{"rendered":"http:\/\/tsvschott.de\/fussball\/?page_id=2899"},"modified":"2025-10-10T15:35:04","modified_gmt":"2025-10-10T13:35:04","slug":"showtanzgruppe_fantasy","status":"publish","type":"page","link":"https:\/\/tsvschott.de\/tanzen\/showtanzgruppe_fantasy\/","title":{"rendered":"Fantasy"},"content":{"rendered":"<div class=\"wpb-content-wrapper\"><p>[vc_row][vc_column width=&#8220;2\/3&#8243;][vc_column_text css=&#8220;&#8220;]<\/p>\n<h2>Showtanzgruppe Fantasy<\/h2>\n<p style=\"background: white;margin: 0cm 0cm 7.5pt 0cm\"><span style=\"font-size: 11.5pt;font-family: 'Arial',sans-serif;color: #666666\">Wir, die Showtanzgruppe \u201eFANTASY\u201c sind eine gemischte Tanzgruppe, bestehend aus z.Zt. 23 weiblichen und 6 m\u00e4nnlichen T\u00e4nzern und T\u00e4nzerinnen im Alter zwischen 22 und 38 Jahren.<\/span><\/p>\n<p style=\"background: white;margin: 0cm 0cm 7.5pt 0cm\"><span style=\"font-size: 11.5pt;font-family: 'Arial',sans-serif;color: #666666\">Wir treten w\u00e4hrend der Fastnachtszeit u.a. auf bei den \u201eEiskalten Br\u00fcdern Mainz-Gonsenheim\u201c und dem \u201eMainzer Carnevalverein\u201c (MCV). Das Jahr \u00fcber haben wir Auftritte bei Showtanzturnieren und\u00a0bei verschiedenen sportlichen Anl\u00e4ssen. Unser Tanzstil ist haupts\u00e4chlich Jazz und Modern Dance, verbunden mit Akrobatik, Hebefiguren und W\u00fcrfen.<\/span><\/p>\n<p style=\"background: white;margin: 0cm 0cm 7.5pt 0cm\"><span style=\"font-size: 11.5pt;font-family: 'Arial',sans-serif;color: #666666\">Interessierte k\u00f6nnen nach Absprache bei einem Probetraining vortanzen und bei entsprechenden t\u00e4nzerischen und akrobatischen F\u00e4higkeiten nach einer Probezeit aufgenommen werden.<\/span><\/p>\n<p style=\"margin: 0cm;background: white\"><span style=\"font-size: 11.5pt;font-family: 'Arial',sans-serif;color: #666666\">Regelm\u00e4\u00dfiger Trainingsbesuch ist erw\u00fcnscht!<\/span><\/p>\n<p>[\/vc_column_text][vc_btn title=&#8220;Weitere Info&#8217;s auf unserer Homepage&#8220; shape=&#8220;round&#8220; color=&#8220;primary&#8220; i_icon_fontawesome=&#8220;fas fa-home&#8220; add_icon=&#8220;true&#8220; link=&#8220;url:http%3A%2F%2Fwww.fantasy-dance.de|target:_blank&#8220;][vc_empty_space][vc_text_separator title=&#8220;News&#8220; style=&#8220;dashed&#8220;][vc_masonry_grid post_type=&#8220;post&#8220; max_items=&#8220;3&#8243; item=&#8220;2424&#8243; grid_id=&#8220;vc_gid:1760103281834-6b71248c-0e86-10&#8243; taxonomies=&#8220;37&#8243;][\/vc_column][vc_column width=&#8220;1\/3&#8243;][vc_wp_text el_class=&#8220;start&#8220;]<\/p>\n<h3>Trainerteam<\/h3>\n<hr \/>\n<p><strong>Karin Carra (<\/strong><span class=\"xr_tl xr_s12\">Diplom-Sportlehrerin)<br \/>\n<\/span><strong>Simone M\u00fcnzing <\/strong>(geb. Carra)<br \/>\n<strong>Anna-Lisa Schmitt<\/strong><\/p>\n<p><strong>Kontakt<br \/>\n<\/strong>E-mail:<strong> <span class=\"xr_tl xr_s12\"><a href=\"mailto:karin@fantasy-dance.de\">karin@fantasy-dance.de<\/a><\/span><\/strong><\/p>\n<p><img loading=\"lazy\" decoding=\"async\" class=\"alignnone size-medium wp-image-3562\" src=\"https:\/\/tsvschott.de\/tanzen\/wp-content\/uploads\/sites\/20\/2025\/04\/Trainer-Fantasy-2025-1-382x352.jpg\" alt=\"\" width=\"382\" height=\"352\" srcset=\"https:\/\/tsvschott.de\/tanzen\/wp-content\/uploads\/sites\/20\/2025\/04\/Trainer-Fantasy-2025-1-382x352.jpg 382w, https:\/\/tsvschott.de\/tanzen\/wp-content\/uploads\/sites\/20\/2025\/04\/Trainer-Fantasy-2025-1-798x736.jpg 798w, https:\/\/tsvschott.de\/tanzen\/wp-content\/uploads\/sites\/20\/2025\/04\/Trainer-Fantasy-2025-1-768x708.jpg 768w, https:\/\/tsvschott.de\/tanzen\/wp-content\/uploads\/sites\/20\/2025\/04\/Trainer-Fantasy-2025-1.jpg 1534w\" sizes=\"auto, (max-width: 382px) 100vw, 382px\" \/>[\/vc_wp_text][vc_tabs interval=&#8220;0&#8243; title=&#8220;Trainingszeiten&#8220;][vc_tab title=&#8220;Tanzen&#8220; tab_id=&#8220;1439899125423-6-9&#8243;][vc_column_text css=&#8220;&#8220;]<strong>Tanztraining<\/strong><br \/>\nDienstag, 19:30 &#8211; 21:30 Uhr, Otto-Schott-Gymnasium &#8211; Gymnastikraum &#8211; <span class=\"widget-pane-section-info-text\">An Schneiders M\u00fchle 1, 55122 Mainz<\/span>[\/vc_column_text][vc_single_image image=&#8220;3454&#8243; img_size=&#8220;full&#8220; onclick=&#8220;custom_link&#8220; img_link_target=&#8220;_blank&#8220; link=&#8220;https:\/\/www.openstreetmap.org\/?mlat=50.0044&amp;mlon=8.2315#map=16\/50.0044\/8.2315&#8243;][\/vc_tab][vc_tab title=&#8220;Akrobatik&#8220; tab_id=&#8220;1455266540484-1-4&#8243;][vc_column_text]<strong>Akrobatiktraining<\/strong><br \/>\nFreitag, 18:00 &#8211; 19:45 Uhr, Otto-Schott-Gymnasium &#8211; Gymnastikraum &#8211; <span class=\"widget-pane-section-info-text\">An Schneiders M\u00fchle 1, 55122 Mainz<\/span>[\/vc_column_text][vc_single_image image=&#8220;3454&#8243; img_size=&#8220;full&#8220; onclick=&#8220;custom_link&#8220; img_link_target=&#8220;_blank&#8220; link=&#8220;https:\/\/www.openstreetmap.org\/?mlat=50.0044&amp;mlon=8.2315#map=16\/50.0044\/8.2315&#8243;][\/vc_tab][\/vc_tabs][\/vc_column][\/vc_row]<\/p>\n<\/div>","protected":false},"excerpt":{"rendered":"<p>[vc_row][vc_column width=&#8220;2\/3&#8243;][vc_column_text css=&#8220;&#8220;] Showtanzgruppe Fantasy Wir, die Showtanzgruppe \u201eFANTASY\u201c sind eine gemischte Tanzgruppe, bestehend aus z.Zt. 23 weiblichen und 6 m\u00e4nnlichen T\u00e4nzern und T\u00e4nzerinnen im Alter zwischen 22 und 38 Jahren. Wir treten w\u00e4hrend der Fastnachtszeit u.a. auf bei den \u201eEiskalten Br\u00fcdern Mainz-Gonsenheim\u201c und dem \u201eMainzer Carnevalverein\u201c (MCV). Das Jahr \u00fcber haben wir Auftritte bei [&hellip;]<\/p>\n","protected":false},"author":24,"featured_media":0,"parent":0,"menu_order":3,"comment_status":"closed","ping_status":"closed","template":"","meta":{"footnotes":""},"class_list":["post-2899","page","type-page","status-publish","hentry"],"_links":{"self":[{"href":"https:\/\/tsvschott.de\/tanzen\/wp-json\/wp\/v2\/pages\/2899","targetHints":{"allow":["GET"]}}],"collection":[{"href":"https:\/\/tsvschott.de\/tanzen\/wp-json\/wp\/v2\/pages"}],"about":[{"href":"https:\/\/tsvschott.de\/tanzen\/wp-json\/wp\/v2\/types\/page"}],"author":[{"embeddable":true,"href":"https:\/\/tsvschott.de\/tanzen\/wp-json\/wp\/v2\/users\/24"}],"replies":[{"embeddable":true,"href":"https:\/\/tsvschott.de\/tanzen\/wp-json\/wp\/v2\/comments?post=2899"}],"version-history":[{"count":30,"href":"https:\/\/tsvschott.de\/tanzen\/wp-json\/wp\/v2\/pages\/2899\/revisions"}],"predecessor-version":[{"id":3643,"href":"https:\/\/tsvschott.de\/tanzen\/wp-json\/wp\/v2\/pages\/2899\/revisions\/3643"}],"wp:attachment":[{"href":"https:\/\/tsvschott.de\/tanzen\/wp-json\/wp\/v2\/media?parent=2899"}],"curies":[{"name":"wp","href":"https:\/\/api.w.org\/{rel}","templated":true}]}}